{"id":1663,"date":"2025-01-19T12:59:47","date_gmt":"2025-01-19T10:59:47","guid":{"rendered":"https:\/\/drarmencea.ro\/?page_id=1663"},"modified":"2025-02-13T16:08:52","modified_gmt":"2025-02-13T14:08:52","slug":"tratamentul-despicaturilor-labio-maxilo-palatine","status":"publish","type":"page","link":"https:\/\/drarmencea.ro\/en\/tratamentul-despicaturilor-labio-maxilo-palatine\/","title":{"rendered":"Treatment of Cleft Lip and Palate"},"content":{"rendered":"<div data-elementor-type=\"wp-page\" data-elementor-id=\"1663\" class=\"elementor elementor-1663\">\n\t\t\t\t<div class=\"elementor-element elementor-element-1ae7d96 e-flex e-con-boxed e-con e-parent\" data-id=\"1ae7d96\" data-element_type=\"container\">\n\t\t\t\t\t<div class=\"e-con-inner\">\n\t\t<div class=\"elementor-element elementor-element-7b67687 e-con-full e-flex e-con e-child\" data-id=\"7b67687\" data-element_type=\"container\">\n\t\t\t\t<div class=\"elementor-element elementor-element-de50135 elementor-widget elementor-widget-sidebar\" data-id=\"de50135\" data-element_type=\"widget\" data-widget_type=\"sidebar.default\">\n\t\t\t\t<div class=\"elementor-widget-container\">\n\t\t\t\t\t<div id=\"nav_menu-1\" class=\"service-widget sidebar-widget widget_nav_menu\"><div class=\"menu-service-sidebar-menu-container\"><ul id=\"menu-service-sidebar-menu\" class=\"menu\"><li id=\"menu-item-1739\" class=\"menu-item menu-item-type-post_type menu-item-object-page menu-item-1739\"><a href=\"https:\/\/drarmencea.ro\/en\/augmentarea-osoasa\/\">Bone Augmentation<\/a><\/li>\n<li id=\"menu-item-1726\" class=\"menu-item menu-item-type-post_type menu-item-object-page menu-item-1726\"><a href=\"https:\/\/drarmencea.ro\/en\/chirurgie-orala-si-maxilo-faciala\/\">Oral and Maxillofacial Surgery<\/a><\/li>\n<li id=\"menu-item-1727\" class=\"menu-item menu-item-type-post_type menu-item-object-page menu-item-1727\"><a href=\"https:\/\/drarmencea.ro\/en\/implantologie-dentara\/\">Dental Implantology<\/a><\/li>\n<li id=\"menu-item-1728\" class=\"menu-item menu-item-type-post_type menu-item-object-page menu-item-1728\"><a href=\"https:\/\/drarmencea.ro\/en\/tratamentul-despicaturilor-labio-maxilo-palatine\/\">Treatment of Cleft Lip and Palate<\/a><\/li>\n<li id=\"menu-item-1755\" class=\"menu-item menu-item-type-post_type menu-item-object-page menu-item-1755\"><a href=\"https:\/\/drarmencea.ro\/en\/tratamentul-complicatiilor-in-implantologia-orala\/\">Treatment of Oral Implantology Complications<\/a><\/li>\n<li id=\"menu-item-1762\" class=\"menu-item menu-item-type-post_type menu-item-object-page menu-item-1762\"><a href=\"https:\/\/drarmencea.ro\/en\/tratamentul-fracturilor-maxilo-faciale\/\">Treatment of Maxillofacial Fractures<\/a><\/li>\n<\/ul><\/div><\/div><div id=\"dentalo_contact_info_v2-1\" class=\"service-widget sidebar-widget widget_dentalo_contact_info_v2\">      \t\t\n\t\t\t<div class=\"service-sidebar__single\">\n                <div class=\"service-sidebar__contact\">\n                    <p class=\"service-sidebar__contact-text\"><i class=\"fa fa-phone\"><\/i><a href=\"teL:0766 106 455\" class=\"service-sidebar__contact-highlight\">0766 106 455<\/a><\/p><!-- \/.service-sidebar__contact-text -->                    <p class=\"service-sidebar__contact-text\"><i class=\"fa fa-paper-plane\"><\/i><a href=\"mailto:artmedicalstoma@gmail.com\">artmedicalstoma@gmail.com<\/a><\/p><!-- \/.service-sidebar__contact-text -->                <\/div><!-- \/.service-sidebar__contact -->\n            <\/div><!-- \/.service-sidebar__single -->\n                     \n        <\/div>\t\t\t\t<\/div>\n\t\t\t\t<\/div>\n\t\t\t\t<\/div>\n\t\t<div class=\"elementor-element elementor-element-d432c36 e-con-full e-flex e-con e-child\" data-id=\"d432c36\" data-element_type=\"container\">\n\t\t\t\t<div class=\"elementor-element elementor-element-f6f3ac2 elementor-widget elementor-widget-image\" data-id=\"f6f3ac2\" data-element_type=\"widget\" data-widget_type=\"image.default\">\n\t\t\t\t<div class=\"elementor-widget-container\">\n\t\t\t\t\t\t\t\t\t\t\t\t\t\t\t<img fetchpriority=\"high\" decoding=\"async\" width=\"1502\" height=\"1134\" src=\"https:\/\/drarmencea.ro\/wp-content\/uploads\/2025\/01\/IMG-20250130-WA0038.jpg\" class=\"attachment-full size-full wp-image-2324\" alt=\"\" srcset=\"https:\/\/drarmencea.ro\/wp-content\/uploads\/2025\/01\/IMG-20250130-WA0038.jpg 1502w, https:\/\/drarmencea.ro\/wp-content\/uploads\/2025\/01\/IMG-20250130-WA0038-300x226.jpg 300w, https:\/\/drarmencea.ro\/wp-content\/uploads\/2025\/01\/IMG-20250130-WA0038-1024x773.jpg 1024w, https:\/\/drarmencea.ro\/wp-content\/uploads\/2025\/01\/IMG-20250130-WA0038-768x580.jpg 768w, https:\/\/drarmencea.ro\/wp-content\/uploads\/2025\/01\/IMG-20250130-WA0038-16x12.jpg 16w\" sizes=\"(max-width: 1502px) 100vw, 1502px\" \/>\t\t\t\t\t\t\t\t\t\t\t\t\t\t\t<\/div>\n\t\t\t\t<\/div>\n\t\t\t\t<div class=\"elementor-element elementor-element-48cf71b elementor-widget elementor-widget-heading\" data-id=\"48cf71b\" data-element_type=\"widget\" data-widget_type=\"heading.default\">\n\t\t\t\t<div class=\"elementor-widget-container\">\n\t\t\t\t\t<h3 class=\"elementor-heading-title elementor-size-default\">What are Labio-Maxillo-Palatine Clefts?<\/h3>\t\t\t\t<\/div>\n\t\t\t\t<\/div>\n\t\t\t\t<div class=\"elementor-element elementor-element-425dbec elementor-widget elementor-widget-text-editor\" data-id=\"425dbec\" data-element_type=\"widget\" data-widget_type=\"text-editor.default\">\n\t\t\t\t<div class=\"elementor-widget-container\">\n\t\t\t\t\t\t\t\t\t<p data-pm-slice=\"1 1 []\" class=\"translation-block\">Cleft lip and palate ( cheilognatopalatoschizis ) are among the most common congenital malformations of the face, affecting the upper lip, jaw, hard palate, soft palate, nose, and even hearing. They involve a unilateral or bilateral lack of substance and are the second most common congenital malformation in newborns.<\/p>\t\t\t\t\t\t\t\t<\/div>\n\t\t\t\t<\/div>\n\t\t\t\t<div class=\"elementor-element elementor-element-37e1bca elementor-widget elementor-widget-heading\" data-id=\"37e1bca\" data-element_type=\"widget\" data-widget_type=\"heading.default\">\n\t\t\t\t<div class=\"elementor-widget-container\">\n\t\t\t\t\t<h4 class=\"elementor-heading-title elementor-size-default\">Types of Orofacial Clefts<\/h4>\t\t\t\t<\/div>\n\t\t\t\t<\/div>\n\t\t\t\t<div class=\"elementor-element elementor-element-39a925c elementor-widget elementor-widget-text-editor\" data-id=\"39a925c\" data-element_type=\"widget\" data-widget_type=\"text-editor.default\">\n\t\t\t\t<div class=\"elementor-widget-container\">\n\t\t\t\t\t\t\t\t\t<p data-pm-slice=\"1 1 []\">There are several types of orofacial clefts, each with specific characteristics:<\/p>\t\t\t\t\t\t\t\t<\/div>\n\t\t\t\t<\/div>\n\t\t\t\t<div class=\"elementor-element elementor-element-1818a55 elementor-widget elementor-widget-html\" data-id=\"1818a55\" data-element_type=\"widget\" data-widget_type=\"html.default\">\n\t\t\t\t<div class=\"elementor-widget-container\">\n\t\t\t\t\t<ul class=\"service-details__list\">\n\t\t\t\t\t\t\t\t\t\t\t                                            <li class=\"service-details__list-item\"><i class=\"far fa-arrow-circle-right\"><\/i>Cleft lip (cheiloschizis) \u2013 also known as a \"hare lip\", can affect part or all of the lip, including the nostril.<\/li>\n                                                                                        <li class=\"service-details__list-item\"><i class=\"far fa-arrow-circle-right\"><\/i>Cleft palate \u2013 can be isolated (without affecting the lip) or can affect the hard palate, partially or completely (staphylo-urano-schisis).<\/li>\n                                                                                   \t\t\t\t\t\t\t\t\t\t<\/ul>\t\t\t\t<\/div>\n\t\t\t\t<\/div>\n\t\t\t\t<div class=\"elementor-element elementor-element-d2344f2 elementor-widget elementor-widget-heading\" data-id=\"d2344f2\" data-element_type=\"widget\" data-widget_type=\"heading.default\">\n\t\t\t\t<div class=\"elementor-widget-container\">\n\t\t\t\t\t<h4 class=\"elementor-heading-title elementor-size-default\">Treatment of Labio-Maxillo-Palatine Clefts<\/h4>\t\t\t\t<\/div>\n\t\t\t\t<\/div>\n\t\t\t\t<div class=\"elementor-element elementor-element-2ae701b elementor-widget elementor-widget-text-editor\" data-id=\"2ae701b\" data-element_type=\"widget\" data-widget_type=\"text-editor.default\">\n\t\t\t\t<div class=\"elementor-widget-container\">\n\t\t\t\t\t\t\t\t\t<p data-pm-slice=\"1 1 []\" class=\"translation-block\">Treatment for these malformations depend on the severity of the cleft, the child's age, and possible associated syndromes. A personalized treatment plan is essential for optimal recovery.<\/p>\t\t\t\t\t\t\t\t<\/div>\n\t\t\t\t<\/div>\n\t\t\t\t<div class=\"elementor-element elementor-element-833fddf elementor-widget elementor-widget-heading\" data-id=\"833fddf\" data-element_type=\"widget\" data-widget_type=\"heading.default\">\n\t\t\t\t<div class=\"elementor-widget-container\">\n\t\t\t\t\t<h5 class=\"elementor-heading-title elementor-size-default\">Treatment Stages:<\/h5>\t\t\t\t<\/div>\n\t\t\t\t<\/div>\n\t\t\t\t<div class=\"elementor-element elementor-element-44c55fb elementor-widget elementor-widget-text-editor\" data-id=\"44c55fb\" data-element_type=\"widget\" data-widget_type=\"text-editor.default\">\n\t\t\t\t<div class=\"elementor-widget-container\">\n\t\t\t\t\t\t\t\t\t<ol start=\"1\" data-spread=\"false\" data-pm-slice=\"3 5 []\">\n<li>\n<p class=\"translation-block\">Family counseling \u2013 It begins during pregnancy, with the intrauterine detection of the malformation, in collaboration with the gynecologist.<\/p>\n<\/li>\n<li>\n<p class=\"translation-block\">Treatment Preparation \u2013 Includes advice on feeding, feeding techniques, and the use of Nasoalveolar Molding (NAM) devices.<\/p>\n<\/li>\n<li>\n<p class=\"translation-block\">Surgical interventions \u2013 They take place in several stages:<\/p>\n<ul data-spread=\"false\">\n<li>\n<p class=\"translation-block\">Lip plasty \u2013 in the first months of life.<\/p>\n<\/li>\n<li>\n<p class=\"translation-block\">Palate and alveolar process plasty \u2013 shortly after lip plasty.<\/p>\n<\/li>\n<li>\n<p class=\"translation-block\">Orthodontic treatments and esthetic and functional surgery \u2013 as the child grows.<\/p>\n<\/li>\n<li>\n<p class=\"translation-block\">Bone grafting and orthognathic surgery \u2013 in adulthood, if necessary.<\/p>\n<\/li>\n<\/ul>\n<\/li>\n<\/ol>\t\t\t\t\t\t\t\t<\/div>\n\t\t\t\t<\/div>\n\t\t\t\t<div class=\"elementor-element elementor-element-b4419b4 elementor-widget elementor-widget-heading\" data-id=\"b4419b4\" data-element_type=\"widget\" data-widget_type=\"heading.default\">\n\t\t\t\t<div class=\"elementor-widget-container\">\n\t\t\t\t\t<h4 class=\"elementor-heading-title elementor-size-default\">The Importance of a Multidisciplinary Approach<\/h4>\t\t\t\t<\/div>\n\t\t\t\t<\/div>\n\t\t\t\t<div class=\"elementor-element elementor-element-8b5e225 elementor-widget elementor-widget-text-editor\" data-id=\"8b5e225\" data-element_type=\"widget\" data-widget_type=\"text-editor.default\">\n\t\t\t\t<div class=\"elementor-widget-container\">\n\t\t\t\t\t\t\t\t\t<p data-pm-slice=\"1 1 []\" class=\"translation-block\">The treatment of orofacial clefts requires the collaboration of a multidisciplinary medical team , consisting of:<\/p><ul data-spread=\"false\"><li><p><strong>Surgeons specializing in clefts and malformations<\/strong><\/p><\/li><li><p><strong>Orthodontists<\/strong><\/p><\/li><li><p><strong>Anesthesiologists and ENT specialists<\/strong><\/p><\/li><li><p><strong>Neonatologists and pediatricians<\/strong><\/p><\/li><li><p><strong>Geneticists, speech therapists and psychologists<\/strong><\/p><\/li><\/ul><p class=\"translation-block\">This approach represents the \"gold standard\" in the treatment of orofacial clefts, preventing complications that would require multiple surgeries.<\/p>\t\t\t\t\t\t\t\t<\/div>\n\t\t\t\t<\/div>\n\t\t\t\t<div class=\"elementor-element elementor-element-c8db4b2 elementor-widget elementor-widget-heading\" data-id=\"c8db4b2\" data-element_type=\"widget\" data-widget_type=\"heading.default\">\n\t\t\t\t<div class=\"elementor-widget-container\">\n\t\t\t\t\t<h4 class=\"elementor-heading-title elementor-size-default\">Children's Life After Treatment<\/h4>\t\t\t\t<\/div>\n\t\t\t\t<\/div>\n\t\t\t\t<div class=\"elementor-element elementor-element-59d53e8 elementor-widget elementor-widget-text-editor\" data-id=\"59d53e8\" data-element_type=\"widget\" data-widget_type=\"text-editor.default\">\n\t\t\t\t<div class=\"elementor-widget-container\">\n\t\t\t\t\t\t\t\t\t<p data-pm-slice=\"1 1 []\" class=\"translation-block\">Children who receive the correct and complete treatment can have a perfectly normal and healthy life. The support of the family and the medical team is essential for the child's complete recovery and social integration.<\/p><p>\ud83c\udf10 <strong>For more information, schedule a consultation with Dr. Armencea Gabriel!<\/strong><\/p>\t\t\t\t\t\t\t\t<\/div>\n\t\t\t\t<\/div>\n\t\t\t\t<div class=\"elementor-element elementor-element-4e9724a elementor-align-center elementor-widget elementor-widget-button\" data-id=\"4e9724a\" data-element_type=\"widget\" data-widget_type=\"button.default\">\n\t\t\t\t<div class=\"elementor-widget-container\">\n\t\t\t\t\t\t\t\t\t<div class=\"elementor-button-wrapper\">\n\t\t\t\t\t<a class=\"elementor-button elementor-button-link elementor-size-sm elementor-animation-bounce-out\" href=\"\/en\/contact\/\">\n\t\t\t\t\t\t<span class=\"elementor-button-content-wrapper\">\n\t\t\t\t\t\t\t\t\t<span class=\"elementor-button-text\">SCHEDULE AN APPOINTMENT NOW!<\/span>\n\t\t\t\t\t<\/span>\n\t\t\t\t\t<\/a>\n\t\t\t\t<\/div>\n\t\t\t\t\t\t\t\t<\/div>\n\t\t\t\t<\/div>\n\t\t\t\t<\/div>\n\t\t\t\t\t<\/div>\n\t\t\t\t<\/div>\n\t\t\t\t<\/div>","protected":false},"excerpt":{"rendered":"<p>Tratamentul fracturilor maxilo faciale Selecteaz\u0103 Tratamentul fracturilor maxilo faciale Tratamentul fracturilor maxilo faciale Selecteaz\u0103 Tratamentul fracturilor maxilo faciale Tratamentul fracturilor maxilo faciale Ce sunt Despic\u0103turile Labio-Maxilo-Palatine? Despic\u0103turile labio-maxilo-palatine (cheilo-gnato-palatoschizis) sunt printre cele mai frecvente malforma\u0163ii congenitale ale fe\u021bei, afect\u00e2nd buza superioar\u0103, maxilarul, palatul, v\u0103lul palatin, nasul \u0219i chiar aparatul auditiv. Acestea implic\u0103 o lips\u0103 de [&hellip;]<\/p>","protected":false},"author":1,"featured_media":0,"parent":0,"menu_order":0,"comment_status":"closed","ping_status":"closed","template":"","meta":{"footnotes":""},"class_list":["post-1663","page","type-page","status-publish","hentry"],"aioseo_notices":[],"_links":{"self":[{"href":"https:\/\/drarmencea.ro\/en\/wp-json\/wp\/v2\/pages\/1663","targetHints":{"allow":["GET"]}}],"collection":[{"href":"https:\/\/drarmencea.ro\/en\/wp-json\/wp\/v2\/pages"}],"about":[{"href":"https:\/\/drarmencea.ro\/en\/wp-json\/wp\/v2\/types\/page"}],"author":[{"embeddable":true,"href":"https:\/\/drarmencea.ro\/en\/wp-json\/wp\/v2\/users\/1"}],"replies":[{"embeddable":true,"href":"https:\/\/drarmencea.ro\/en\/wp-json\/wp\/v2\/comments?post=1663"}],"version-history":[{"count":52,"href":"https:\/\/drarmencea.ro\/en\/wp-json\/wp\/v2\/pages\/1663\/revisions"}],"predecessor-version":[{"id":2711,"href":"https:\/\/drarmencea.ro\/en\/wp-json\/wp\/v2\/pages\/1663\/revisions\/2711"}],"wp:attachment":[{"href":"https:\/\/drarmencea.ro\/en\/wp-json\/wp\/v2\/media?parent=1663"}],"curies":[{"name":"wp","href":"https:\/\/api.w.org\/{rel}","templated":true}]}}